{"id":285,"date":"2019-11-08T09:46:44","date_gmt":"2019-11-08T08:46:44","guid":{"rendered":"http:\/\/radioluna.iesalbarregas.com\/?page_id=285"},"modified":"2020-04-05T12:18:11","modified_gmt":"2020-04-05T11:18:11","slug":"television","status":"publish","type":"page","link":"http:\/\/radioluna.iesalbarregas.com\/?page_id=285","title":{"rendered":"Televisi\u00f3n (programas emitidos)"},"content":{"rendered":"<p style=\"text-align: justify;\"><strong>Curso 2019-2020.<\/strong>&#8211;<strong><span style=\"color: #ff6600;\">SALUDOS DESDE EL AISLAMIENTO 01<\/span><\/strong>: una iniciativa de los <em><strong>alumnos de 2.\u00ba ESO, A y B<\/strong><\/em>, desde la asignatura de Lengua Castellana y Literatura <em><strong>con su profe Feli<\/strong><\/em>. Inicia la serie, DANIELA GALV\u00c1N CORREYERO, de 2.\u00ba A, que os env\u00eda un saludo.\u00a1Todo va a salir bien! \u00a1Qu\u00e9date en casa!<\/p>\n\n\n<p><iframe loading=\"lazy\" title=\"RadioLuna QuedateEnCasa01\" width=\"584\" height=\"329\" src=\"https:\/\/www.youtube.com\/embed\/APLKFGR7Rbs?feature=oembed\" frameborder=\"0\" allow=\"accelerometer; autoplay; encrypted-media; gyroscope; picture-in-picture\" allowfullscreen><\/iframe><\/p>\n\n\n\n<p class=\"has-drop-cap has-small-font-size\"><strong>Curso 2019-2020.-<\/strong> RadioLuna ha mostrado siempre su lado bueno. Intenta hacer las cosas bien, y es lo que ense\u00f1a\u2026 Pero no todo sale a la primera, ni a la segunda\u2026 <strong><em>Como estamos aislados, hemos pensado que nos podemos echar unas sonrisas<\/em><\/strong> con los \u00abqueiro y no puedo\u00bb de nuestros periodistas (\u00a1pobres, con lo dispuestos que son siempre!)\u2026 Pero bueno, la situaci\u00f3n creo que lo pide y <strong><em>queremos contribuir a animar vuestra estancia en casa<\/em><\/strong>. Vais a ver desfilar a la consejera de Educaci\u00f3n y Empleo, a la Directora del Museo Nacional de Arte Romano&#8230; \u00a1Dentro v\u00eddeo!<\/p>\n\n\n\n<p><iframe loading=\"lazy\" title=\"RadioLuna en Falso\" width=\"584\" height=\"329\" src=\"https:\/\/www.youtube.com\/embed\/rzeNgsoNVDU?feature=oembed\" frameborder=\"0\" allow=\"accelerometer; autoplay; encrypted-media; gyroscope; picture-in-picture\" allowfullscreen><\/iframe><\/p>\n\n\n\n<p class=\"has-drop-cap has-small-font-size\"><strong>Curso 2019-20.-<\/strong> Resumen de la <strong><em>II Carrera Solidaria Memorial Mar\u00eda Jos\u00e9 Vargas Calder\u00f3n<\/em><\/strong>. Un d\u00eda lleno de participaci\u00f3n y emociones: alegr\u00eda, esfuerzo f\u00edsico, solidaridad y recuerdos. Una actividad que ha llegado para quedarse en el IES Albarregas, a tenor de lo visto en esta segunda edici\u00f3n. Y con la participaci\u00f3n de compa\u00f1eros del IES Eugenio Frutos de Guare\u00f1a.<\/p>\n\n\n\n<p><iframe loading=\"lazy\" title=\"RadioLuna CarreraSolidaria Memorial MJVargas\" width=\"584\" height=\"329\" src=\"https:\/\/www.youtube.com\/embed\/3qnYry0ot-I?feature=oembed\" frameborder=\"0\" allow=\"accelerometer; autoplay; encrypted-media; gyroscope; picture-in-picture\" allowfullscreen><\/iframe><\/p>\n\n\n\n<p class=\"has-drop-cap has-small-font-size\"><strong>Curso 2019-20.-<\/strong> \u00bfSabes cu\u00e1nto va a costar la obra del IES Albarregas? \u00bfA qui\u00e9n se vende, y a qui\u00e9n no, bebidas energ\u00e9ticas en el insti? \u00bfSab\u00edas que en 3\u00ba ESO hay alumnos que programan objetos virtuales que se mueven? Pues&#8230; \u00a1mira esta entrega de RadioLuna y tendr\u00e1s todas las respuestas! Y solo en algo menos de cinco minutos\u2026 Genial, \u00bfno?<\/p>\n\n\n\n<p><iframe loading=\"lazy\" title=\"Programa 10 Febrero 2020\" width=\"584\" height=\"329\" src=\"https:\/\/www.youtube.com\/embed\/J-7b97VJO8w?feature=oembed\" frameborder=\"0\" allow=\"accelerometer; autoplay; encrypted-media; gyroscope; picture-in-picture\" allowfullscreen><\/iframe><\/p>\n\n\n\n<p class=\"has-drop-cap has-small-font-size\"><strong>Curso 2019-20.-<\/strong> Finalizado el primer trimestre, aqu\u00ed os traemos un breve resumen del mismo. Sobre todo de las actividades realizadas en noviembre alrededor de \u00abHalloween\u00bb: concurso de l\u00e1pidas, de comidas de miedo y de relatos tenebrosos&#8230; Adem\u00e1s, os mostramos c\u00f3mo funciona KODI, una aplicaci\u00f3n para gestionar y ver pel\u00edculas, fotograf\u00edas y documentales dentro del aula&#8230; Y por \u00faltimo, \u00a1estrenamos un Teleprompter\u00bb! Si no sabes lo que es, mira el programa&#8230;<strong>Curso 2019-20.-<\/strong> Finalizado el primer trimestre, aqu\u00ed os traemos un breve resumen del mismo. Sobre todo de las actividades realizadas en noviembre alrededor de \u00abHalloween\u00bb: concurso de l\u00e1pidas, de comidas de miedo y de relatos tenebrosos&#8230; Adem\u00e1s, os mostramos c\u00f3mo funciona KODI, una aplicaci\u00f3n para gestionar y ver pel\u00edculas, fotograf\u00edas y documentales dentro del aula&#8230; Y por \u00faltimo, \u00a1estrenamos un Teleprompter\u00bb! Si no sabes lo que es, mira el programa&#8230;<\/p>\n\n\n\n<p><iframe loading=\"lazy\" title=\"Programa primer trimestre 19-20\" width=\"584\" height=\"329\" src=\"https:\/\/www.youtube.com\/embed\/sHyjrKR8I5M?feature=oembed\" frameborder=\"0\" allow=\"accelerometer; autoplay; encrypted-media; gyroscope; picture-in-picture\" allowfullscreen><\/iframe><\/p>\n\n\n\n<p><strong>Curso 2018-19.- <\/strong>Sigue RadioLuna contando \u00abcosas\u00bb. En esta ocasi\u00f3n nos hemos desplazado a la Feria del Libro de M\u00e9rida, donde RadioEdu, de la Consejer\u00eda de Educaci\u00f3n y Empleo, ha instalado una carpa e invitado a distintos centros educativos a realizar sus programas desde all\u00ed. Y nosotros os lo contamos. All\u00ed estuvieron tambi\u00e9n, entre otras, las radios de IES Extremadura y del IES Emerita Augusta. Tambi\u00e9n preguntamos a los libreros las novedades de este a\u00f1o, y os contamos c\u00f3mo recaudan dinero alumnos de primaria del colegio Dion Casio para llevar clases de m\u00fasica a zonas desfavorecidas. Ha sido una bonita experiencia, que agradecemos a RadioEdu.<\/p>\n\n\n<p><iframe loading=\"lazy\" title=\"Radioluna Programa FeriaLibro\" width=\"584\" height=\"329\" src=\"https:\/\/www.youtube.com\/embed\/-U9KCRoG-iE?feature=oembed\" frameborder=\"0\" allow=\"accelerometer; autoplay; encrypted-media; gyroscope; picture-in-picture\" allowfullscreen><\/iframe><\/p>\n\n\n\n<p><strong>Curso 2018-19.-<\/strong>&nbsp;Programa que resume la charla que el instituto Albarregas ha ofrecido a los padres de los alumnos sobre el videojuego Fornite y sus riesgos&#8230; Marilena (madre y profesora), Lorena (experta en seguridad en internet) y Jonathan (uno de los orientadores del centro), fueron los responsables de impartirla.<\/p>\n\n\n<p><iframe loading=\"lazy\" title=\"Radioluna Programa Charla fornite\" width=\"584\" height=\"329\" src=\"https:\/\/www.youtube.com\/embed\/pQx1MVHdTZs?feature=oembed\" frameborder=\"0\" allow=\"accelerometer; autoplay; encrypted-media; gyroscope; picture-in-picture\" allowfullscreen><\/iframe><\/p>\n\n\n\n<p><strong>Curso 2018-19.-<\/strong> Programa centrado en las actuaciones que se han llevado a cabo en el instituto Albarregas con motivo del <em><strong>D\u00eda Internacional de la Muje<\/strong><\/em>r, el 8 de marzo. Mandiles colgados en la entrada del centro y una canci\u00f3n con esperanza para las mujeres maltratadas, cantada por profes y alumnos, conforman este programa. Los motivos y los objetivos que se persiguen con estas actuaciones se explican en sendas entrevistas en este programa. No te lo pierdas.<\/p>\n\n\n<p><iframe loading=\"lazy\" title=\"Radioluna Programa 21: 8 de marzo de 2019\" width=\"584\" height=\"329\" src=\"https:\/\/www.youtube.com\/embed\/3zK-tz6MnrE?feature=oembed\" frameborder=\"0\" allow=\"accelerometer; autoplay; encrypted-media; gyroscope; picture-in-picture\" allowfullscreen><\/iframe><\/p>\n\n\n\n<p><strong>Curso 2018-19.-<\/strong> Entrevista al profesor del instituto, Jaime Covars\u00ed, quien nos cuenta c\u00f3mo ya en una obra de la Edad Media, <strong><em>El Roman de Flamenca<\/em><\/strong>, podemos ver c\u00f3mo la protagonista femenina, maltratada por su marido, se arma de valor para echarle en cara ese maltrato&#8230; Pero Jaime nos cuenta m\u00e1s: qui\u00e9n le\u00eda la obra en la Edad Media, c\u00f3mo le gust\u00f3 tanto la obra que \u00e9l mismo escribi\u00f3 una novela para ayudar a difundirla,&#8230; Y tambi\u00e9n nos cuenta c\u00f3mo la cantante <strong><em>Rosal\u00eda<\/em><\/strong> se inspir\u00f3 en esa misma obra medieval para crear las canciones de su primer y premiado disco. Todo en la nueva secci\u00f3n de RadioLuna, \u00abla entrevista de Raquel\u00bb. [youtube]https:\/\/www.youtube.com\/watch?v=uV2G_rj-jM0[\/youtube]<\/p>\n\n\n\n<p><strong>Curso 2018-19.-<\/strong> RadioLuna, del IES Albarregas de M\u00e9rida, te trae el resumen de los actos celebrados por el d\u00eda de Santa Cecilia, patrona de los m\u00fasicos. El departamento de M\u00fasica del centro prepar\u00f3 un peque\u00f1o concierto que cont\u00f3 con numerosos participantes. Junto a los compa\u00f1eros de m\u00fasica estuvieron los alumnos de 1\u00ba y 2\u00ba de bachillerato, echando un cable e interpretando, tambi\u00e9n ellos, una canci\u00f3n.[youtube]https:\/\/youtu.be\/hFFRozNYCvk[\/youtube]<\/p>\n\n\n\n<p><strong>Curso 2018-19.-<\/strong> Aunque el reportaje es del curso pasado, es ahora cuando se ha terminado su \u00abcocina\u00bb. Nos sirve par retomar el trabajo de RadioLuna. Estamos hablando del programa resumen de la Semana Cultural del curso pasado, dedicada a la igualdad de la mujer. Son unos minutos en los que nuestros alumnos de RadioLuna entrevistan a mujeres que participaron en la Semana Cultural, y nos dejaron mensajes m\u00e1s que interesantes. Aqu\u00ed lo ten\u00e9is.<\/p>\n\n\n\n<p>[youtube]https:\/\/www.youtube.com\/watch?v=Xpu2XaxwHP0[\/youtube]<\/p>\n\n\n\n<p><strong>Curso 2016-17.-<\/strong> En el marco de las <em><strong>I Jornadas Regionales de Radio Educativa de Extremadura<\/strong><\/em>, RadioLuna se desplaz\u00f3 al Colegio Fco. Giner de los R\u00edos de M\u00e9rida, donde se realizaba el programa <em><strong>Zona cero<\/strong><\/em> de RadioEdu, de la Consejer\u00eda de Educaci\u00f3n y Empleo de la Junta de Extremadura.<br>Fueron muchos los alumnos de centros educativos con radio los que all\u00ed estuvieron realizando entrevistas (a la consejera de Educaci\u00f3n y Empleo, Esther Guti\u00e9rrez) y programas variados&#8230; Aqu\u00ed os contamos un resumen.[youtube]https:\/\/www.youtube.com\/watch?v=TQJF3a2g9n8[\/youtube]<\/p>\n\n\n\n<p><strong>Curso 2016-17.-<\/strong> Noticias del IES Albarregas: una obra de ampliaci\u00f3n del centro, un proyecto de investigaci\u00f3n sobre huevos de gallina, percepci\u00f3n sobre el centro de una alumna reci\u00e9n llegada y&#8230; novedades del nuevo curso.[youtube]https:\/\/www.youtube.com\/watch?v=j1nxmrx3-GA[\/youtube]<strong><br><\/strong><\/p>\n\n\n\n<p><strong>Curso 2015-16.-<\/strong> Programa n\u00famero 15: os mostramos c\u00f3mo funciona el instituto en verano. Conserjes, limpiadoras, secretar\u00eda, equipo directivo, educadora social&#8230; pintores, alba\u00f1iles, y un largo etc\u00e9tera. Todos trabajando para que en septiembre el curso empiece con todo en su sitio&#8230; [youtube]https:\/\/www.youtube.com\/watch?v=h3gMrLU9Pzw[\/youtube]<\/p>\n\n\n\n<p><strong>Curso 2015-16.-<\/strong> <strong>Programa n\u00famero 14:<\/strong> en esta ocasi\u00f3n RadioLuna os muestra en qu\u00e9 han consistido las actividades realizadas durante la Semana de las Letras en nuestro centro. Es un programa con sorpresas interesantes, como las poes\u00edas de Felipe Zapico.<strong>[youtube]https:\/\/www.youtube.com\/watch?v=idUjDfb3aow[\/youtube]<br><\/strong><\/p>\n\n\n\n<p><strong>Curso 2015-16.- Programa n\u00famero 13: <\/strong>dedicado a la ciencia. Una semana llena de actividades relacionadas con la ciencia: monedas que cambian de color, estrategias metem\u00e1ticas, minerales, cambio clim\u00e1tico&#8230; \u00a1ponte al d\u00eda!<br>[youtube]https:\/\/www.youtube.com\/watch?v=ZUwH3h8zaMA[\/youtube]<\/p>\n\n\n\n<p><strong>Curso 2018-19.- <\/strong>Sigue RadioLuna contando \u00abcosas\u00bb. En esta ocasi\u00f3n nos hemos desplazado a la Feria del Libro de M\u00e9rida, donde RadioEdu, de la Consejer\u00eda de Educaci\u00f3n y Empleo, ha instalado una carpa e invitado a distintos centros educativos a realizar sus programas desde all\u00ed. Y nosotros os lo contamos. All\u00ed estuvieron tambi\u00e9n, entre otras, las radios de IES Extremadura y del IES Emerita Augusta. Tambi\u00e9n preguntamos a los libreros las novedades de este a\u00f1o, y os contamos c\u00f3mo recaudan dinero alumnos de primaria del colegio Dion Casio para llevar clases de m\u00fasica a zonas desfavorecidas. Ha sido una bonita experiencia, que agradecemos a RadioEdu.<\/p>\n\n\n\n<figure><iframe loading=\"lazy\" src=\"https:\/\/www.youtube.com\/embed\/-U9KCRoG-iE?feature=oembed\" allowfullscreen=\"allowfullscreen\" width=\"584\" height=\"329\"><\/iframe><\/figure>\n\n\n\n<p><strong>Curso 2018-19.-<\/strong>&nbsp;Programa que resume la charla que el instituto Albarregas ha ofrecido a los padres de los alumnos sobre el videojuego Fornite y sus riesgos&#8230; Marilena (madre y profesora), Lorena (experta en seguridad en internet) y Jonathan (uno de los orientadores del centro), fueron los responsables de impartirla.<\/p>\n\n\n\n<figure><iframe loading=\"lazy\" src=\"https:\/\/www.youtube.com\/embed\/pQx1MVHdTZs?feature=oembed\" allowfullscreen=\"allowfullscreen\" width=\"584\" height=\"329\"><\/iframe><\/figure>\n\n\n\n<p><strong>Curso 2018-19.-<\/strong> Programa centrado en las actuaciones que se han llevado a cabo en el instituto Albarregas con motivo del <em><strong>D\u00eda Internacional de la Muje<\/strong><\/em>r, el 8 de marzo. Mandiles colgados en la entrada del centro y una canci\u00f3n con esperanza para las mujeres maltratadas, cantada por profes y alumnos, conforman este programa. Los motivos y los objetivos que se persiguen con estas actuaciones se explican en sendas entrevistas en este programa. No te lo pierdas.<\/p>\n\n\n\n<figure><iframe loading=\"lazy\" src=\"https:\/\/www.youtube.com\/embed\/3zK-tz6MnrE?feature=oembed\" allowfullscreen=\"allowfullscreen\" width=\"584\" height=\"329\"><\/iframe><\/figure>\n\n\n\n<p><strong>Curso 2018-19.-<\/strong> Entrevista al profesor del instituto, Jaime Covars\u00ed, quien nos cuenta c\u00f3mo ya en una obra de la Edad Media, <strong><em>El Roman de Flamenca<\/em><\/strong>, podemos ver c\u00f3mo la protagonista femenina, maltratada por su marido, se arma de valor para echarle en cara ese maltrato&#8230; Pero Jaime nos cuenta m\u00e1s: qui\u00e9n le\u00eda la obra en la Edad Media, c\u00f3mo le gust\u00f3 tanto la obra que \u00e9l mismo escribi\u00f3 una novela para ayudar a difundirla,&#8230; Y tambi\u00e9n nos cuenta c\u00f3mo la cantante <strong><em>Rosal\u00eda<\/em><\/strong> se inspir\u00f3 en esa misma obra medieval para crear las canciones de su primer y premiado disco. Todo en la nueva secci\u00f3n de RadioLuna, \u00abla entrevista de Raquel\u00bb.<\/p>\n\n\n<p>[youtube]https:\/\/www.youtube.com\/watch?v=uV2G_rj-jM0[\/youtube]<\/p>\n\n\n\n<p><strong>Curso 2018-19.-<\/strong> RadioLuna, del IES Albarregas de M\u00e9rida, te trae el resumen de los actos celebrados por el d\u00eda de Santa Cecilia, patrona de los m\u00fasicos. El departamento de M\u00fasica del centro prepar\u00f3 un peque\u00f1o concierto que cont\u00f3 con numerosos participantes. Junto a los compa\u00f1eros de m\u00fasica estuvieron los alumnos de 1\u00ba y 2\u00ba de bachillerato, echando un cable e interpretando, tambi\u00e9n ellos, una canci\u00f3n.[youtube]https:\/\/youtu.be\/hFFRozNYCvk[\/youtube]<\/p>\n\n\n\n<p><strong>Curso 2018-19.-<\/strong> Aunque el reportaje es del curso pasado, es ahora cuando se ha terminado su \u00abcocina\u00bb. Nos sirve par retomar el trabajo de RadioLuna. Estamos hablando del programa resumen de la Semana Cultural del curso pasado, dedicada a la igualdad de la mujer. Son unos minutos en los que nuestros alumnos de RadioLuna entrevistan a mujeres que participaron en la Semana Cultural, y nos dejaron mensajes m\u00e1s que interesantes. Aqu\u00ed lo ten\u00e9is.<\/p>\n\n\n\n<p>[youtube]https:\/\/www.youtube.com\/watch?v=Xpu2XaxwHP0[\/youtube]<\/p>\n\n\n\n<p><strong>Curso 2016-17.-<\/strong> En el marco de las <em><strong>I Jornadas Regionales de Radio Educativa de Extremadura<\/strong><\/em>, RadioLuna se desplaz\u00f3 al Colegio Fco. Giner de los R\u00edos de M\u00e9rida, donde se realizaba el programa <em><strong>Zona cero<\/strong><\/em> de RadioEdu, de la Consejer\u00eda de Educaci\u00f3n y Empleo de la Junta de Extremadura.<br>Fueron muchos los alumnos de centros educativos con radio los que all\u00ed estuvieron realizando entrevistas (a la consejera de Educaci\u00f3n y Empleo, Esther Guti\u00e9rrez) y programas variados&#8230; Aqu\u00ed os contamos un resumen.[youtube]https:\/\/www.youtube.com\/watch?v=TQJF3a2g9n8[\/youtube]<\/p>\n\n\n\n<p><strong>Curso 2016-17.-<\/strong> Noticias del IES Albarregas: una obra de ampliaci\u00f3n del centro, un proyecto de investigaci\u00f3n sobre huevos de gallina, percepci\u00f3n sobre el centro de una alumna reci\u00e9n llegada y&#8230; novedades del nuevo curso.[youtube]https:\/\/www.youtube.com\/watch?v=j1nxmrx3-GA[\/youtube]<strong><br><\/strong><\/p>\n\n\n\n<p><strong>Curso 2015-16.-<\/strong> Programa n\u00famero 15: os mostramos c\u00f3mo funciona el instituto en verano. Conserjes, limpiadoras, secretar\u00eda, equipo directivo, educadora social&#8230; pintores, alba\u00f1iles, y un largo etc\u00e9tera. Todos trabajando para que en septiembre el curso empiece con todo en su sitio&#8230;<\/p>\n\n\n<p>[youtube]https:\/\/www.youtube.com\/watch?v=h3gMrLU9Pzw[\/youtube]<\/p>\n\n\n\n<p><strong>Curso 2015-16.-<\/strong> <strong>Programa n\u00famero 14:<\/strong> en esta ocasi\u00f3n RadioLuna os muestra en qu\u00e9 han consistido las actividades realizadas durante la Semana de las Letras en nuestro centro. Es un programa con sorpresas interesantes, como las poes\u00edas de Felipe Zapico.<strong>[youtube]https:\/\/www.youtube.com\/watch?v=idUjDfb3aow[\/youtube]<br><\/strong><\/p>\n\n\n\n<p><strong>Curso 2015-16.- Programa n\u00famero 13: <\/strong>dedicado a la ciencia. Una semana llena de actividades relacionadas con la ciencia: monedas que cambian de color, estrategias metem\u00e1ticas, minerales, cambio clim\u00e1tico&#8230; \u00a1ponte al d\u00eda!<br>[youtube]https:\/\/www.youtube.com\/watch?v=ZUwH3h8zaMA[\/youtube]<\/p>\n\n\n\n<p><strong>Curso 2015-16.- Programa n\u00famero 12<\/strong>: seguimos con nuestras actividades internacionales, en el \u00e1mbito del programa Erasmus+&#8230; \u00a1y estamos de cumple! Nada m\u00e1s y nada menos que 25 a\u00f1os que naci\u00f3 el IES Albarregas&#8230; \u00a1No te lo pierdas! [<em>Programa n\u00ba12<\/em>][youtube]https:\/\/www.youtube.com\/watch?v=wr_KubT1pgY[\/youtube]<\/p>\n\n\n\n<p><strong>(Curso 2014-15).- \u00a1Semana cultural!<\/strong> Programa n\u00famero 11 de RadioLuna, la radio en internet del IES Albarregas de M\u00e9rida (Extremadura, Spain). En esta ocasi\u00f3n dedicado en su totalidad a la reciente Semana Cultural celebrada en el centro.[<em>Programa n\u00ba11<\/em>]<\/p>\n\n\n\n<p>[youtube]https:\/\/www.youtube.com\/watch?v=hNd09mWNpu8[\/youtube]<\/p>\n\n\n\n<p><strong>(Curso 2014-15).- Programa n\u00famero 10&#8230; \u00a1un n\u00famero redondo!<\/strong>&nbsp;En esta ocasi\u00f3n conocemos el proyecto Erasmus+ en el que est\u00e1 inmerso el insti y que est\u00e1 facilitando la movilidad de profesores y alumnos por diferentes pa\u00edses europeos. Tambi\u00e9n os daremos cuenta de la visita de decenas de alumnos de primaria a nuestro centro, donde nos deleitaron con sus actuaciones musicales. La charla de la escritora Ana Alonso y actividades solidarias contra los ni\u00f1os soldados y contra la homofobia, completan este programa.. [<em>Programa n\u00ba10<\/em>]<\/p>\n\n\n\n<p>[youtube]https:\/\/www.youtube.com\/watch?v=JLRSKxtCPoU[\/youtube]<\/p>\n\n\n\n<p><strong>(Curso 2014-15).- Nuevos reporteros de RadioLuna. Una nueva etapa.<\/strong> Este programa es un repaso a lo emitido hasta ahora. [<em>Programa n\u00ba9<\/em>]<\/p>\n\n\n\n<p>[youtube]https:\/\/www.youtube.com\/watch?v=pMLz7JYTjPg[\/youtube]<\/p>\n\n\n\n<p><strong>(Curso 2013-14).-Alem\u00e1n como tercera lengua extranjera, qu\u00e9 ha significado el paso del colegio al instituto, \u00bfes grande el salto de secundaria a bachillerato?<\/strong> Todo esto y un poco m\u00e1s en este nuevo programa, el octavo. Corto pero interesante&#8230; [<em>Programa n\u00ba 8<\/em>]<\/p>\n\n\n\n<p>[youtube]http:\/\/www.youtube.com\/watch?v=L30nsoBErK0&amp;feature=youtube_gdata[\/youtube]<\/p>\n\n\n\n<p><strong>(Curso 2012-13).-Taller de encuadernaci\u00f3n y de mandiles, un fragmento del musical Grease (realizado por alumnos de nuestro insti), viajes por la pen\u00ednsula Ib\u00e9rica y fuera de ella, ajedrez a ciegas y premios recibidos<\/strong>&#8230; Esto es lo que pod\u00e9is encontrar en el \u00faltimo programa de RadioLuna. Todo un repaso al \u00faltimo trimestre de este curso 2012\/13. [<em>Programa n\u00ba 7<\/em>]<\/p>\n\n\n\n<p>[youtube]http:\/\/www.youtube.com\/watch?v=HvIAMPd6Rvs[\/youtube]<\/p>\n\n\n\n<p><strong>(Curso 2012-13).-Dragones y mazmorras con Javier Negrete, escalando en la Factor\u00eda joven<\/strong>, y escuchando qu\u00e9 piensa de nuestra tierra y nuestro centro un estadounidense que trabaja durante este curso 2012\/13 en el Albarregas (entrevista en ingl\u00e9s con subt\u00edtulos en espa\u00f1ol). Estos son los temas que abordamos en este sexto programa de RadioLuna&#8230; \u00a1Que lo disfrut\u00e9is! [<em>Programa n\u00ba 6<\/em>]<\/p>\n\n\n\n<p>[youtube]http:\/\/www.youtube.com\/watch?v=Xgtzyl4xP6E[\/youtube]<\/p>\n\n\n\n<p><strong>(Curso 2012-13).-La escritora Pilar Gal\u00e1n, un alumno en Canad\u00e1 y una actriz en 1\u00ba de ESO<\/strong>&#8230; RadioLuna nos presenta a tres personas que no se conforman con su d\u00eda a d\u00eda y buscan mejorarlo&#8230; Cada uno a su manera. \u00a1Otro programa m\u00e1s de RadioLuna, y ya van cinco! [<em>Programa n\u00ba 5<\/em>]<\/p>\n\n\n\n<p>[youtube]http:\/\/www.youtube.com\/watch?v=59A1mL1dVew[\/youtube]<\/p>\n\n\n\n<p><strong>(Curso 2012-13).-Alemanes, setas&#8230; y una silla roja<\/strong>. Seguimos contando las actividades que vamos desarrollando en el IES Albarregas. En este primer trimestre ya hemos realizado la primera parte del intercambio con Alemania, y nos han visitado los alumnos del instituto Lilienthal alem\u00e1n. Tambi\u00e9n hemos celebrado nuestra Semana Micol\u00f3gica, \u00a1nos acercamos a los veinte a\u00f1os ya en esto de las setas! Por \u00faltimo, el toque solidario en los tiempos que corren: una silla roja como s\u00edmbolo de compromiso con alumnos de pa\u00edses poco desarrollados&#8230; Todo esto en este nuevo programa de <em><strong>RadioLuna<\/strong><\/em>: [<em>Programa n\u00ba 4<\/em>]<\/p>\n\n\n\n<p>[youtube]http:\/\/www.youtube.com\/watch?v=VKtDfF6Usmc&amp;feature=plcp[\/youtube]<\/p>\n\n\n\n<p><strong>(Curso 2011-12).-Especial Semana Cultural 2012<\/strong>, primera parte: [youtube]http:\/\/www.youtube.com\/watch?v=oxIlyB4cL38[\/youtube]<\/p>\n\n\n\n<p><strong>(Curso 2011-12).-Especial Semana Cultural 2012<\/strong>, segunda parte: [youtube]http:\/\/www.youtube.com\/watch?v=DhGs6xTyMaU[\/youtube]<\/p>\n\n\n\n<p><strong>(Curso 2011-12).- Segundo programa&#8230;<\/strong> \u00bfQui\u00e9n era el tipo que sali\u00f3 de espont\u00e1neo en la \u00faltima gala de entrega de los premios Goya de cine? \u00bfTiene relaci\u00f3n la F\u00edsica y la ciencia en general y el medio ambiente? Pues aqu\u00ed est\u00e1 RadioLuna para contarlo. [<em>Programa n\u00ba 2<\/em>]<\/p>\n\n\n\n<p>[youtube]http:\/\/www.youtube.com\/watch?v=pxopPjjZPXY[\/youtube]<\/p>\n\n\n\n<p><strong>(Curso 2011-12).- \u00a1Primer programa de RadioLuna!&#8230;<\/strong> Aqu\u00ed ten\u00e9is, ya, el primer programa de nuestra tele&#8230; \u00a1la tele del IES Albarregas! En \u00e9l ver\u00e9is una breve presentaci\u00f3n del centro, y un par de reportajes sobre el premio recibido por una alumna del centro y un videoclip que han realizado unos alumnos de 2\u00ba de bachillerato: m\u00fasica, letra y grabaci\u00f3n de im\u00e1genes, todo es obra suya&#8230; \u00a1Viva la creatividad! [<em>Programa n\u00ba 1<\/em>]<\/p>\n\n\n<p>[youtube]http:\/\/www.youtube.com\/watch?v=lSWWuaKeSj8&amp;feature[\/youtube]<\/p>\n\n\n\n<p><em><strong>Pruebas previas<\/strong><\/em>:<\/p>\n\n\n\n<p><strong>El inicio del programa&#8230;<\/strong><br>[youtube]http:\/\/www.youtube.com\/watch?v=eZeU67s75eM&amp;feature[\/youtube]<\/p>\n\n\n\n<p><strong>Cortinilla 1<\/strong><br>[youtube]http:\/\/www.youtube.com\/watch?v=rXlARqno-0w&amp;feature[\/youtube]<\/p>\n\n\n\n<p><strong>Cortinilla 2<\/strong><br>[youtube]http:\/\/www.youtube.com\/watch?v=6US4VeTdxc0[\/youtube]<\/p>\n\n\n\n<p><strong>La necesidad de planchar la tela de fondo para utilizar el \u00abcroma\u00bb&#8230;<\/strong> Como puede observarse en la parte superior el fluorescente ilumina en exceso la tela verde de fondo y provoca un tono diferente que hace imposible obtener una superficie homog\u00e9nea tras las presentadoras. Pero vale para hacernos una idea de lo que hacemos&#8230;<br>[youtube]http:\/\/www.youtube.com\/watch?v=8-wk-FtLHdA&amp;noredirect=1[\/youtube]<\/p>\n\n\n\n<p><strong>Curso 2015-16.- Programa n\u00famero 12<\/strong>: seguimos con nuestras actividades internacionales, en el \u00e1mbito del programa Erasmus+&#8230; \u00a1y estamos de cumple! Nada m\u00e1s y nada menos que 25 a\u00f1os que naci\u00f3 el IES Albarregas&#8230; \u00a1No te lo pierdas! [<em>Programa n\u00ba12<\/em>][youtube]https:\/\/www.youtube.com\/watch?v=wr_KubT1pgY[\/youtube]<\/p>\n\n\n\n<p><strong>(Curso 2014-15).- \u00a1Semana cultural!<\/strong> Programa n\u00famero 11 de RadioLuna, la radio en internet del IES Albarregas de M\u00e9rida (Extremadura, Spain). En esta ocasi\u00f3n dedicado en su totalidad a la reciente Semana Cultural celebrada en el centro.[<em>Programa n\u00ba11<\/em>]<\/p>\n\n\n\n<p>[youtube]https:\/\/www.youtube.com\/watch?v=hNd09mWNpu8[\/youtube]<\/p>\n\n\n\n<p><strong>(Curso 2014-15).- Programa n\u00famero 10&#8230; \u00a1un n\u00famero redondo!<\/strong>&nbsp;En esta ocasi\u00f3n conocemos el proyecto Erasmus+ en el que est\u00e1 inmerso el insti y que est\u00e1 facilitando la movilidad de profesores y alumnos por diferentes pa\u00edses europeos. Tambi\u00e9n os daremos cuenta de la visita de decenas de alumnos de primaria a nuestro centro, donde nos deleitaron con sus actuaciones musicales. La charla de la escritora Ana Alonso y actividades solidarias contra los ni\u00f1os soldados y contra la homofobia, completan este programa.. [<em>Programa n\u00ba10<\/em>]<\/p>\n\n\n\n<p>[youtube]https:\/\/www.youtube.com\/watch?v=JLRSKxtCPoU[\/youtube]<\/p>\n\n\n\n<p><strong>(Curso 2014-15).- Nuevos reporteros de RadioLuna. Una nueva etapa.<\/strong> Este programa es un repaso a lo emitido hasta ahora. [<em>Programa n\u00ba9<\/em>]<\/p>\n\n\n\n<p>[youtube]https:\/\/www.youtube.com\/watch?v=pMLz7JYTjPg[\/youtube]<\/p>\n\n\n\n<p><strong>(Curso 2013-14).-Alem\u00e1n como tercera lengua extranjera, qu\u00e9 ha significado el paso del colegio al instituto, \u00bfes grande el salto de secundaria a bachillerato?<\/strong> Todo esto y un poco m\u00e1s en este nuevo programa, el octavo. Corto pero interesante&#8230; [<em>Programa n\u00ba 8<\/em>]<\/p>\n\n\n\n<p>[youtube]http:\/\/www.youtube.com\/watch?v=L30nsoBErK0&amp;feature=youtube_gdata[\/youtube]<\/p>\n\n\n\n<p><strong>(Curso 2012-13).-Taller de encuadernaci\u00f3n y de mandiles, un fragmento del musical Grease (realizado por alumnos de nuestro insti), viajes por la pen\u00ednsula Ib\u00e9rica y fuera de ella, ajedrez a ciegas y premios recibidos<\/strong>&#8230; Esto es lo que pod\u00e9is encontrar en el \u00faltimo programa de RadioLuna. Todo un repaso al \u00faltimo trimestre de este curso 2012\/13. [<em>Programa n\u00ba 7<\/em>]<\/p>\n\n\n\n<p>[youtube]http:\/\/www.youtube.com\/watch?v=HvIAMPd6Rvs[\/youtube]<\/p>\n\n\n\n<p><strong>(Curso 2012-13).-Dragones y mazmorras con Javier Negrete, escalando en la Factor\u00eda joven<\/strong>, y escuchando qu\u00e9 piensa de nuestra tierra y nuestro centro un estadounidense que trabaja durante este curso 2012\/13 en el Albarregas (entrevista en ingl\u00e9s con subt\u00edtulos en espa\u00f1ol). Estos son los temas que abordamos en este sexto programa de RadioLuna&#8230; \u00a1Que lo disfrut\u00e9is! [<em>Programa n\u00ba 6<\/em>]<\/p>\n\n\n\n<p>[youtube]http:\/\/www.youtube.com\/watch?v=Xgtzyl4xP6E[\/youtube]<\/p>\n\n\n\n<p><strong>(Curso 2012-13).-La escritora Pilar Gal\u00e1n, un alumno en Canad\u00e1 y una actriz en 1\u00ba de ESO<\/strong>&#8230; RadioLuna nos presenta a tres personas que no se conforman con su d\u00eda a d\u00eda y buscan mejorarlo&#8230; Cada uno a su manera. \u00a1Otro programa m\u00e1s de RadioLuna, y ya van cinco! [<em>Programa n\u00ba 5<\/em>]<\/p>\n\n\n\n<p>[youtube]http:\/\/www.youtube.com\/watch?v=59A1mL1dVew[\/youtube]<\/p>\n\n\n\n<p><strong>(Curso 2012-13).-Alemanes, setas&#8230; y una silla roja<\/strong>. Seguimos contando las actividades que vamos desarrollando en el IES Albarregas. En este primer trimestre ya hemos realizado la primera parte del intercambio con Alemania, y nos han visitado los alumnos del instituto Lilienthal alem\u00e1n. Tambi\u00e9n hemos celebrado nuestra Semana Micol\u00f3gica, \u00a1nos acercamos a los veinte a\u00f1os ya en esto de las setas! Por \u00faltimo, el toque solidario en los tiempos que corren: una silla roja como s\u00edmbolo de compromiso con alumnos de pa\u00edses poco desarrollados&#8230; Todo esto en este nuevo programa de <em><strong>RadioLuna<\/strong><\/em>: [<em>Programa n\u00ba 4<\/em>]<\/p>\n\n\n\n<p>[youtube]http:\/\/www.youtube.com\/watch?v=VKtDfF6Usmc&amp;feature=plcp[\/youtube]<\/p>\n\n\n\n<p><strong>(Curso 2011-12).-Especial Semana Cultural 2012<\/strong>, primera parte: [youtube]http:\/\/www.youtube.com\/watch?v=oxIlyB4cL38[\/youtube]<\/p>\n\n\n\n<p><strong>(Curso 2011-12).-Especial Semana Cultural 2012<\/strong>, segunda parte: [youtube]http:\/\/www.youtube.com\/watch?v=DhGs6xTyMaU[\/youtube]<\/p>\n\n\n\n<p><strong>(Curso 2011-12).- Segundo programa&#8230;<\/strong> \u00bfQui\u00e9n era el tipo que sali\u00f3 de espont\u00e1neo en la \u00faltima gala de entrega de los premios Goya de cine? \u00bfTiene relaci\u00f3n la F\u00edsica y la ciencia en general y el medio ambiente? Pues aqu\u00ed est\u00e1 RadioLuna para contarlo. [<em>Programa n\u00ba 2<\/em>]<\/p>\n\n\n\n<p>[youtube]http:\/\/www.youtube.com\/watch?v=pxopPjjZPXY[\/youtube]<\/p>\n\n\n\n<p><strong>(Curso 2011-12).- \u00a1Primer programa de RadioLuna!&#8230;<\/strong> Aqu\u00ed ten\u00e9is, ya, el primer programa de nuestra tele&#8230; \u00a1la tele del IES Albarregas! En \u00e9l ver\u00e9is una breve presentaci\u00f3n del centro, y un par de reportajes sobre el premio recibido por una alumna del centro y un videoclip que han realizado unos alumnos de 2\u00ba de bachillerato: m\u00fasica, letra y grabaci\u00f3n de im\u00e1genes, todo es obra suya&#8230; \u00a1Viva la creatividad! [<em>Programa n\u00ba 1<\/em>]<\/p>\n\n\n<p>[youtube]http:\/\/www.youtube.com\/watch?v=lSWWuaKeSj8&amp;feature[\/youtube]<\/p>\n\n\n\n<p><em><strong>Pruebas previas<\/strong><\/em>:<\/p>\n\n\n\n<p><strong>El inicio del programa&#8230;<\/strong><br>[youtube]http:\/\/www.youtube.com\/watch?v=eZeU67s75eM&amp;feature[\/youtube]<\/p>\n\n\n\n<p><strong>Cortinilla 1<\/strong><br>[youtube]http:\/\/www.youtube.com\/watch?v=rXlARqno-0w&amp;feature[\/youtube]<\/p>\n\n\n\n<p><strong>Cortinilla 2<\/strong><br>[youtube]http:\/\/www.youtube.com\/watch?v=6US4VeTdxc0[\/youtube]<\/p>\n\n\n\n<p><strong>La necesidad de planchar la tela de fondo para utilizar el \u00abcroma\u00bb&#8230;<\/strong> Como puede observarse en la parte superior el fluorescente ilumina en exceso la tela verde de fondo y provoca un tono diferente que hace imposible obtener una superficie homog\u00e9nea tras las presentadoras. Pero vale para hacernos una idea de lo que hacemos&#8230;<br>[youtube]http:\/\/www.youtube.com\/watch?v=8-wk-FtLHdA&amp;noredirect=1[\/youtube]<\/p>\n","protected":false},"excerpt":{"rendered":"<p>Curso 2019-2020.&#8211;SALUDOS DESDE EL AISLAMIENTO 01: una iniciativa de los alumnos de 2.\u00ba ESO, A y B, desde la asignatura de Lengua Castellana y Literatura con su profe Feli. Inicia la serie, DANIELA GALV\u00c1N CORREYERO, de 2.\u00ba A, que os &hellip; <a href=\"http:\/\/radioluna.iesalbarregas.com\/?page_id=285\">Sigue leyendo <span class=\"meta-nav\">&rarr;<\/span><\/a><\/p>\n","protected":false},"author":1,"featured_media":0,"parent":0,"menu_order":0,"comment_status":"closed","ping_status":"closed","template":"","meta":[],"_links":{"self":[{"href":"http:\/\/radioluna.iesalbarregas.com\/index.php?rest_route=\/wp\/v2\/pages\/285"}],"collection":[{"href":"http:\/\/radioluna.iesalbarregas.com\/index.php?rest_route=\/wp\/v2\/pages"}],"about":[{"href":"http:\/\/radioluna.iesalbarregas.com\/index.php?rest_route=\/wp\/v2\/types\/page"}],"author":[{"embeddable":true,"href":"http:\/\/radioluna.iesalbarregas.com\/index.php?rest_route=\/wp\/v2\/users\/1"}],"replies":[{"embeddable":true,"href":"http:\/\/radioluna.iesalbarregas.com\/index.php?rest_route=%2Fwp%2Fv2%2Fcomments&post=285"}],"version-history":[{"count":41,"href":"http:\/\/radioluna.iesalbarregas.com\/index.php?rest_route=\/wp\/v2\/pages\/285\/revisions"}],"predecessor-version":[{"id":677,"href":"http:\/\/radioluna.iesalbarregas.com\/index.php?rest_route=\/wp\/v2\/pages\/285\/revisions\/677"}],"wp:attachment":[{"href":"http:\/\/radioluna.iesalbarregas.com\/index.php?rest_route=%2Fwp%2Fv2%2Fmedia&parent=285"}],"curies":[{"name":"wp","href":"https:\/\/api.w.org\/{rel}","templated":true}]}}